{"id":4760,"date":"2020-07-14T07:44:07","date_gmt":"2020-07-14T07:44:07","guid":{"rendered":"https:\/\/7oroof.com\/tfdemos\/eteon\/home-architecture-copy\/"},"modified":"2024-07-02T14:57:56","modified_gmt":"2024-07-02T14:57:56","slug":"home-architecture","status":"publish","type":"page","link":"https:\/\/cambalkoncu.com.tr\/","title":{"rendered":"Anasayfa"},"content":{"rendered":"\n\t\t\t<!-- START Slider Home Architure2 REVOLUTION SLIDER 6.6.20 --><p class=\"rs-p-wp-fix\"><\/p>\n\t\t\t<rs-module-wrap id=\"rev_slider_21_1_wrapper\" data-source=\"gallery\" style=\"visibility:hidden;background:transparent;padding:0;margin:0px auto;margin-top:0;margin-bottom:0;\">\n\t\t\t\t<rs-module id=\"rev_slider_21_1\" style=\"\" data-version=\"6.6.20\">\n\t\t\t\t\t<rs-slides style=\"overflow: hidden; position: absolute;\">\n\t\t\t\t\t\t<rs-slide style=\"position: absolute;\" data-key=\"rs-43\" data-title=\"Slide\" data-thumb=\"\/\/cambalkoncu.com.tr\/wp-content\/uploads\/2020\/04\/slide-home3-1-50x100.jpg\" data-anim=\"ms:4000ms;\" data-in=\"o:0;\" data-out=\"a:false;\" data-alttrans=\"slideleft,slideremovehorizontal\">\n\t\t\t\t\t\t\t<img fetchpriority=\"high\" decoding=\"async\" src=\"\/\/cambalkoncu.com.tr\/wp-content\/plugins\/revslider\/public\/assets\/assets\/dummy.png\" alt=\"\" title=\"slide-home3-1\" width=\"1600\" height=\"800\" class=\"rev-slidebg tp-rs-img rs-lazyload\" data-lazyload=\"\/\/cambalkoncu.com.tr\/wp-content\/uploads\/2020\/04\/slide-home3-1.jpg\" data-bg=\"p:right top;\" data-panzoom=\"d:10000;ss:100%;se:110%;\" data-no-retina>\n<!--\n\t\t\t\t\t\t\t--><rs-group\n\t\t\t\t\t\t\t\tid=\"slider-21-slide-43-layer-9\" \n\t\t\t\t\t\t\t\tdata-type=\"group\"\n\t\t\t\t\t\t\t\tdata-rsp_ch=\"on\"\n\t\t\t\t\t\t\t\tdata-xy=\"x:l,c,c,c;xo:30px,0,0,0;y:m;yo:60px,0,0,0;\"\n\t\t\t\t\t\t\t\tdata-text=\"w:normal;s:20,16,12,7;l:0,20,15,9;\"\n\t\t\t\t\t\t\t\tdata-dim=\"w:730px,800px,100%,100%;h:395px,350px,365px,350px;\"\n\t\t\t\t\t\t\t\tdata-frame_0=\"o:1;\"\n\t\t\t\t\t\t\t\tdata-frame_999=\"o:0;st:w;sR:8700;sA:9000;\"\n\t\t\t\t\t\t\t\tstyle=\"z-index:12;\"\n\t\t\t\t\t\t\t><!--\n\t\t\t\t\t\t\t\t--><rs-layer\n\t\t\t\t\t\t\t\t\tid=\"slider-21-slide-43-layer-10\" \n\t\t\t\t\t\t\t\t\tdata-type=\"text\"\n\t\t\t\t\t\t\t\t\tdata-rsp_ch=\"on\"\n\t\t\t\t\t\t\t\t\tdata-xy=\"x:l,c,c,c;yo:-7px,-5px,-3px,-1px;\"\n\t\t\t\t\t\t\t\t\tdata-pos=\"a\"\n\t\t\t\t\t\t\t\t\tdata-text=\"w:normal;s:18,15,15,16;l:27,25,25,25;fw:700;a:left,left,center,center;\"\n\t\t\t\t\t\t\t\t\tdata-dim=\"w:auto,auto,100%,100%;\"\n\t\t\t\t\t\t\t\t\tdata-padding=\"r:0,0,30,19;l:0,0,30,19;\"\n\t\t\t\t\t\t\t\t\tdata-frame_0=\"o:1;\"\n\t\t\t\t\t\t\t\t\tdata-frame_0_chars=\"d:5;x:105%;o:1;rY:45deg;rZ:90deg;\"\n\t\t\t\t\t\t\t\t\tdata-frame_0_mask=\"u:t;\"\n\t\t\t\t\t\t\t\t\tdata-frame_1=\"st:210;sp:1200;sR:210;\"\n\t\t\t\t\t\t\t\t\tdata-frame_1_chars=\"e:power4.inOut;d:10;rZ:0deg;\"\n\t\t\t\t\t\t\t\t\tdata-frame_1_mask=\"u:t;\"\n\t\t\t\t\t\t\t\t\tdata-frame_999=\"o:0;st:w;sp:1000;sR:4390;\"\n\t\t\t\t\t\t\t\t\tstyle=\"z-index:11;font-family:'Heebo';\"\n\t\t\t\t\t\t\t\t>\u00d6nceli\u011fimiz kaliteli \u00fcr\u00fcn\u00fc kaliteli i\u015f\u00e7ilikle bir araya getirmek \n\t\t\t\t\t\t\t\t<\/rs-layer><!--\n\n\t\t\t\t\t\t\t\t--><rs-layer\n\t\t\t\t\t\t\t\t\tid=\"slider-21-slide-43-layer-11\" \n\t\t\t\t\t\t\t\t\tdata-type=\"text\"\n\t\t\t\t\t\t\t\t\tdata-rsp_ch=\"on\"\n\t\t\t\t\t\t\t\t\tdata-xy=\"x:l,c,c,c;xo:-3px,0,0,0;y:m;yo:-32px,-26px,-19px,-11px;\"\n\t\t\t\t\t\t\t\t\tdata-pos=\"a\"\n\t\t\t\t\t\t\t\t\tdata-text=\"w:normal,normal,normal,normal;s:80,65,49,40;l:85,70,53,52;fw:700;a:left,center,center,center;\"\n\t\t\t\t\t\t\t\t\tdata-dim=\"w:auto,100%,100%,100%;\"\n\t\t\t\t\t\t\t\t\tdata-padding=\"r:0,0,30,19;l:0,0,30,19;\"\n\t\t\t\t\t\t\t\t\tdata-frame_0=\"o:1;\"\n\t\t\t\t\t\t\t\t\tdata-frame_0_chars=\"d:5;x:105%;o:1;rY:45deg;rZ:90deg;\"\n\t\t\t\t\t\t\t\t\tdata-frame_0_mask=\"u:t;\"\n\t\t\t\t\t\t\t\t\tdata-frame_1=\"st:1160;sp:1100;sR:1160;\"\n\t\t\t\t\t\t\t\t\tdata-frame_1_chars=\"e:power4.inOut;d:10;rZ:0deg;\"\n\t\t\t\t\t\t\t\t\tdata-frame_1_mask=\"u:t;\"\n\t\t\t\t\t\t\t\t\tdata-frame_999=\"o:1;st:w;sp:1200;sR:2040;\"\n\t\t\t\t\t\t\t\t\tdata-frame_999_chars=\"e:power4.inOut;dir:backward;d:10;y:-100%;o:0;rZ:35deg;\"\n\t\t\t\t\t\t\t\t\tdata-frame_999_mask=\"u:t;\"\n\t\t\t\t\t\t\t\t\tstyle=\"z-index:10;font-family:'Barlow';\"\n\t\t\t\t\t\t\t\t>Katlan\u0131r Cam Balkon<br \/>\nS\u00fcrme Cam Balkon<br \/>\nTeras & Pergole \n\t\t\t\t\t\t\t\t<\/rs-layer><!--\n\n\t\t\t\t\t\t\t\t--><rs-layer\n\t\t\t\t\t\t\t\t\tid=\"slider-21-slide-43-layer-12\" \n\t\t\t\t\t\t\t\t\tclass=\"btn-slide-1 btn-left rev-btn\"\n\t\t\t\t\t\t\t\t\tdata-type=\"button\"\n\t\t\t\t\t\t\t\t\tdata-color=\"#0e2b5c\"\n\t\t\t\t\t\t\t\t\tdata-rsp_ch=\"on\"\n\t\t\t\t\t\t\t\t\tdata-xy=\"x:l,c,c,c;xo:2px,0,0,0;y:b;\"\n\t\t\t\t\t\t\t\t\tdata-pos=\"a\"\n\t\t\t\t\t\t\t\t\tdata-text=\"w:normal;s:15;l:60,50,50,50;fw:700;a:left,center,center,center;\"\n\t\t\t\t\t\t\t\t\tdata-dim=\"w:auto,auto,auto,220px;h:60px,50px,50px,50px;minh:0px,none,none,none;\"\n\t\t\t\t\t\t\t\t\tdata-padding=\"r:20,25,30,19;l:20,25,30,19;\"\n\t\t\t\t\t\t\t\t\tdata-border=\"bor:2px,2px,2px,2px;\"\n\t\t\t\t\t\t\t\t\tdata-frame_1=\"e:power4.inOut;st:6010;sp:1200;\"\n\t\t\t\t\t\t\t\t\tdata-frame_1_sfx=\"se:blocktoright;\"\n\t\t\t\t\t\t\t\t\tdata-frame_999=\"o:0;st:w;sp:1000;sR:1790;\"\n\t\t\t\t\t\t\t\t\tdata-frame_hover=\"c:#fff;bgc:#fdb900;bor:3px,3px,3px,3px;sp:100;e:power1.inOut;bri:100%;\"\n\t\t\t\t\t\t\t\t\tstyle=\"z-index:9;background-color:#ffffff;font-family:'Heebo';\"\n\t\t\t\t\t\t\t\t><i class=\"fa fa-arrow-right\"><\/i> Daha fazla bilgi i\u00e7in bizi aray\u0131n. 0535 785 04 26 \n\t\t\t\t\t\t\t\t<\/rs-layer><!--\n\t\t\t\t\t\t\t--><\/rs-group><!--\n\n\t\t\t\t\t\t\t--><rs-layer\n\t\t\t\t\t\t\t\tid=\"slider-21-slide-43-layer-13\" \n\t\t\t\t\t\t\t\tdata-type=\"shape\"\n\t\t\t\t\t\t\t\tdata-rsp_ch=\"on\"\n\t\t\t\t\t\t\t\tdata-xy=\"x:c;y:m;\"\n\t\t\t\t\t\t\t\tdata-text=\"w:normal;s:20,16,12,7;l:0,20,15,9;\"\n\t\t\t\t\t\t\t\tdata-dim=\"w:100%;h:100%;\"\n\t\t\t\t\t\t\t\tdata-basealign=\"slide\"\n\t\t\t\t\t\t\t\tdata-frame_999=\"o:0;st:w;sp:1000;sR:8700;\"\n\t\t\t\t\t\t\t\tstyle=\"z-index:8;\"\n\t\t\t\t\t\t\t> \n\t\t\t\t\t\t\t<\/rs-layer><!--\n-->\t\t\t\t\t\t<\/rs-slide>\n\t\t\t\t\t\t<rs-slide style=\"position: absolute;\" data-key=\"rs-44\" data-title=\"Slide\" data-thumb=\"\/\/cambalkoncu.com.tr\/wp-content\/uploads\/2020\/04\/slide-home3-2-50x100.jpg\" data-anim=\"ms:4000ms;\" data-in=\"o:0;x:-100%;\" data-out=\"x:60%;\" data-alttrans=\"slidingoverlayleft,zoomout\">\n\t\t\t\t\t\t\t<img decoding=\"async\" src=\"\/\/cambalkoncu.com.tr\/wp-content\/plugins\/revslider\/public\/assets\/assets\/dummy.png\" alt=\"\" title=\"slide-home3-2\" width=\"1600\" height=\"800\" class=\"rev-slidebg tp-rs-img rs-lazyload\" data-lazyload=\"\/\/cambalkoncu.com.tr\/wp-content\/uploads\/2020\/04\/slide-home3-2.jpg\" data-bg=\"p:left top;\" data-panzoom=\"d:8000ms;e:power0.in;ss:100%;se:115%;rs:0deg;re:0deg;bs:0px;be:0px;os:30px\/10px;oe:20px\/30px;\" data-no-retina>\n<!--\n\t\t\t\t\t\t\t--><rs-group\n\t\t\t\t\t\t\t\tid=\"slider-21-slide-44-layer-9\" \n\t\t\t\t\t\t\t\tdata-type=\"group\"\n\t\t\t\t\t\t\t\tdata-rsp_ch=\"on\"\n\t\t\t\t\t\t\t\tdata-xy=\"x:l,c,c,c;xo:72px,0,0,0;y:m;yo:51px,0,0,0;\"\n\t\t\t\t\t\t\t\tdata-text=\"w:normal;s:20,16,12,7;l:0,20,15,9;\"\n\t\t\t\t\t\t\t\tdata-dim=\"w:745,800px,100%,100%;h:403,350px,365px,350px;\"\n\t\t\t\t\t\t\t\tdata-frame_0=\"o:1;\"\n\t\t\t\t\t\t\t\tdata-frame_999=\"o:0;st:w;sR:8700;sA:9000;\"\n\t\t\t\t\t\t\t\tstyle=\"z-index:8;\"\n\t\t\t\t\t\t\t><!--\n\t\t\t\t\t\t\t\t--><rs-layer\n\t\t\t\t\t\t\t\t\tid=\"slider-21-slide-44-layer-11\" \n\t\t\t\t\t\t\t\t\tdata-type=\"text\"\n\t\t\t\t\t\t\t\t\tdata-rsp_ch=\"on\"\n\t\t\t\t\t\t\t\t\tdata-xy=\"x:l,c,c,c;xo:-3px,0,0,0;y:m;yo:-33px,-27px,-20px,-20px;\"\n\t\t\t\t\t\t\t\t\tdata-pos=\"a\"\n\t\t\t\t\t\t\t\t\tdata-text=\"w:normal;s:60,65,49,40;l:87,72,54,52;fw:700;a:left,center,center,center;\"\n\t\t\t\t\t\t\t\t\tdata-dim=\"w:848,100%,100%,100%;\"\n\t\t\t\t\t\t\t\t\tdata-padding=\"r:0,0,30,19;l:0,0,30,19;\"\n\t\t\t\t\t\t\t\t\tdata-frame_0=\"o:1;\"\n\t\t\t\t\t\t\t\t\tdata-frame_0_chars=\"d:5;x:105%;o:1;rY:45deg;rZ:90deg;\"\n\t\t\t\t\t\t\t\t\tdata-frame_0_mask=\"u:t;\"\n\t\t\t\t\t\t\t\t\tdata-frame_1=\"st:1300;sp:1100;sR:1300;\"\n\t\t\t\t\t\t\t\t\tdata-frame_1_chars=\"e:power4.inOut;d:10;rZ:0deg;\"\n\t\t\t\t\t\t\t\t\tdata-frame_1_mask=\"u:t;\"\n\t\t\t\t\t\t\t\t\tdata-frame_999=\"o:1;st:w;sp:1200;sR:1900;\"\n\t\t\t\t\t\t\t\t\tdata-frame_999_chars=\"e:power4.inOut;dir:backward;d:10;y:-100%;o:0;rZ:35deg;\"\n\t\t\t\t\t\t\t\t\tdata-frame_999_mask=\"u:t;\"\n\t\t\t\t\t\t\t\t\tstyle=\"z-index:7;font-family:'Barlow';\"\n\t\t\t\t\t\t\t\t>Estetik ve G\u00fcvenli \u00c7\u00f6z\u00fcmler<br \/>\nYa\u015fam Alanlar\u0131n\u0131z\u0131 \u015e\u0131kla\u015ft\u0131r\u0131n<br \/>\nKaliteli Malzeme Profesyonel \u0130\u015f\u00e7ilik \n\t\t\t\t\t\t\t\t<\/rs-layer><!--\n\n\t\t\t\t\t\t\t\t--><rs-layer\n\t\t\t\t\t\t\t\t\tid=\"slider-21-slide-44-layer-12\" \n\t\t\t\t\t\t\t\t\tclass=\"btn-slide-1 btn-left rev-btn\"\n\t\t\t\t\t\t\t\t\tdata-type=\"button\"\n\t\t\t\t\t\t\t\t\tdata-color=\"#0e2b5c\"\n\t\t\t\t\t\t\t\t\tdata-rsp_ch=\"on\"\n\t\t\t\t\t\t\t\t\tdata-xy=\"x:l,c,c,c;xo:2px,0,0,0;y:b;\"\n\t\t\t\t\t\t\t\t\tdata-pos=\"a\"\n\t\t\t\t\t\t\t\t\tdata-text=\"w:normal,nowrap,nowrap,normal;s:15,15,15,15;l:61,50,50,50;fw:700;a:center;\"\n\t\t\t\t\t\t\t\t\tdata-dim=\"w:auto,auto,auto,220px;h:61,50px,50px,50px;minh:0,none,none,none;\"\n\t\t\t\t\t\t\t\t\tdata-padding=\"r:31,15,30,22;l:31,15,30,22;\"\n\t\t\t\t\t\t\t\t\tdata-border=\"bor:3px,3px,3px,3px;\"\n\t\t\t\t\t\t\t\t\tdata-frame_1=\"e:power4.inOut;st:6830;sp:1200;\"\n\t\t\t\t\t\t\t\t\tdata-frame_1_sfx=\"se:blocktoright;\"\n\t\t\t\t\t\t\t\t\tdata-frame_999=\"o:0;st:w;sp:1000;sR:970;\"\n\t\t\t\t\t\t\t\t\tdata-frame_hover=\"c:#fff;bgc:#fdb900;bor:3px,3px,3px,3px;sp:100;e:power1.inOut;bri:100%;\"\n\t\t\t\t\t\t\t\t\tstyle=\"z-index:6;background-color:#ffffff;font-family:'Heebo';\"\n\t\t\t\t\t\t\t\t><i class=\"fa fa-arrow-right\"><\/i> Daha fazla bilgi i\u00e7in bizi aray\u0131n. 0535 785 04 26 \n\t\t\t\t\t\t\t\t<\/rs-layer><!--\n\t\t\t\t\t\t\t--><\/rs-group><!--\n\n\t\t\t\t\t\t\t--><rs-layer\n\t\t\t\t\t\t\t\tid=\"slider-21-slide-44-layer-10\" \n\t\t\t\t\t\t\t\tdata-type=\"text\"\n\t\t\t\t\t\t\t\tdata-rsp_ch=\"on\"\n\t\t\t\t\t\t\t\tdata-xy=\"x:l,c,c,c;xo:75px,0,0,0;yo:124px,103px,78px,48px;\"\n\t\t\t\t\t\t\t\tdata-text=\"w:normal;s:18,15,15,16;l:28,25,25,25;fw:700;a:left,center,center,center;\"\n\t\t\t\t\t\t\t\tdata-dim=\"w:auto,100%,100%,100%;\"\n\t\t\t\t\t\t\t\tdata-padding=\"r:0,0,30,19;l:0,0,30,19;\"\n\t\t\t\t\t\t\t\tdata-frame_0=\"o:1;\"\n\t\t\t\t\t\t\t\tdata-frame_0_chars=\"d:5;x:105%;o:1;rY:45deg;rZ:90deg;\"\n\t\t\t\t\t\t\t\tdata-frame_0_mask=\"u:t;\"\n\t\t\t\t\t\t\t\tdata-frame_1=\"st:520;sp:1200;sR:520;\"\n\t\t\t\t\t\t\t\tdata-frame_1_chars=\"e:power4.inOut;d:10;rZ:0deg;\"\n\t\t\t\t\t\t\t\tdata-frame_1_mask=\"u:t;\"\n\t\t\t\t\t\t\t\tdata-frame_999=\"o:0;st:w;sp:1000;sR:4080;\"\n\t\t\t\t\t\t\t\tstyle=\"z-index:6;font-family:'Heebo';\"\n\t\t\t\t\t\t\t>Ay Yap\u0131 Teknik Cam Balkon Sistemleri \n\t\t\t\t\t\t\t<\/rs-layer><!--\n\n\t\t\t\t\t\t\t--><rs-layer\n\t\t\t\t\t\t\t\tid=\"slider-21-slide-44-layer-13\" \n\t\t\t\t\t\t\t\tdata-type=\"shape\"\n\t\t\t\t\t\t\t\tdata-rsp_ch=\"on\"\n\t\t\t\t\t\t\t\tdata-xy=\"x:c;y:m;\"\n\t\t\t\t\t\t\t\tdata-text=\"w:normal;s:20,16,12,7;l:0,20,15,9;\"\n\t\t\t\t\t\t\t\tdata-dim=\"w:100%;h:100%;\"\n\t\t\t\t\t\t\t\tdata-basealign=\"slide\"\n\t\t\t\t\t\t\t\tdata-frame_999=\"o:0;st:w;sp:1000;sR:8700;\"\n\t\t\t\t\t\t\t\tstyle=\"z-index:7;\"\n\t\t\t\t\t\t\t> \n\t\t\t\t\t\t\t<\/rs-layer><!--\n-->\t\t\t\t\t\t<\/rs-slide>\n\t\t\t\t\t<\/rs-slides>\n\t\t\t\t<\/rs-module>\n\t\t\t\t<script>\n\t\t\t\t\tsetREVStartSize({c: 'rev_slider_21_1',rl:[1240,1024,778,480],el:[800,768,600,600],gw:[1230,1024,778,480],gh:[800,768,600,600],type:'standard',justify:'',layout:'fullwidth',mh:\"0\"});if (window.RS_MODULES!==undefined && window.RS_MODULES.modules!==undefined && window.RS_MODULES.modules[\"revslider211\"]!==undefined) {window.RS_MODULES.modules[\"revslider211\"].once = false;window.revapi21 = undefined;if (window.RS_MODULES.checkMinimal!==undefined) window.RS_MODULES.checkMinimal()}\n\t\t\t\t<\/script>\n\t\t\t<\/rs-module-wrap>\n\t\t\t<!-- END REVOLUTION SLIDER -->\n\n<h4>&nbsp;<\/h4>\n<h4>Biz Kimiz?<a href=\"https:\/\/cambalkoncu.com.tr\/wp-content\/uploads\/2024\/07\/IMG_43951-min-min-scaled.jpg\"><img decoding=\"async\" class=\" wp-image-7899 alignleft\" src=\"https:\/\/cambalkoncu.com.tr\/wp-content\/uploads\/2024\/07\/IMG_43951-min-min-768x1024.jpg\" alt=\"\" width=\"305\" height=\"407\" srcset=\"https:\/\/cambalkoncu.com.tr\/wp-content\/uploads\/2024\/07\/IMG_43951-min-min-768x1024.jpg 768w, https:\/\/cambalkoncu.com.tr\/wp-content\/uploads\/2024\/07\/IMG_43951-min-min-225x300.jpg 225w, https:\/\/cambalkoncu.com.tr\/wp-content\/uploads\/2024\/07\/IMG_43951-min-min-1152x1536.jpg 1152w, https:\/\/cambalkoncu.com.tr\/wp-content\/uploads\/2024\/07\/IMG_43951-min-min-1536x2048.jpg 1536w, https:\/\/cambalkoncu.com.tr\/wp-content\/uploads\/2024\/07\/IMG_43951-min-min-scaled.jpg 1920w\" sizes=\"(max-width: 305px) 100vw, 305px\" \/><\/a><\/h4>\n<p>Ay Yap\u0131 Teknik Cam Balkon Sistemleri, 2013 y\u0131l\u0131nda \u0130stanbul Sultanbeyli il\u00e7esinde Adem Ye\u015filba\u015f taraf\u0131ndan kurulmu\u015ftur. Faaliyet alanlar\u0131m\u0131z aras\u0131nda katlan\u0131r cam balkon, s\u00fcrme cam balkon, pimapen kap\u0131 ve pencere, al\u00fcminyum kap\u0131 ve pencere, sineklik, panjur, teras \u00e7at\u0131 ve pergole tente sistemleri bulunmaktad\u0131r. Sekt\u00f6rde ihtiyaca y\u00f6nelik \u00e7\u00f6z\u00fcmler sunmak i\u00e7in kaliteli malzeme ve i\u015f\u00e7ilik anlay\u0131\u015f\u0131n\u0131 benimseyerek, m\u00fc\u015fteri memnuniyetini her zaman en \u00fcst d\u00fczeyde tutmay\u0131 ama\u00e7l\u0131yoruz..<\/p>\n<h3>Neler Yap\u0131yoruz<\/h3>\n<p>Katlan\u0131r Cam Balkon<br \/>\nS\u00fcrme Cam Balkon<br \/>\nAluminyum Pencere ve Kap\u0131 Sistemleri<br \/>\nPvc Kap\u0131 ve Pencere Sistemleri ( Pimapen, Adopen, Karpen )<br \/>\nOtomatik Panjur Sistemleri<\/p>\n<p>Teras \u00c7at\u0131 Sistemleri<\/p>\n<p>Motorlu Pergole Tente<\/p>\n<h3>Vizyonumuz<\/h3>\n<p>Ay Yap\u0131 Teknik Cam Balkon Sistemleri olarak, sekt\u00f6rde \u00f6nc\u00fc bir marka olmay\u0131 hedefliyoruz. \u0130htiya\u00e7lar\u0131 do\u011fru analiz ederek, yenilik\u00e7i ve kaliteli \u00fcr\u00fcnler sunarak m\u00fc\u015fteri memnuniyetini en \u00fcst seviyede tutmak vizyonumuzun temelidir. Teknolojik geli\u015fmeleri yak\u0131ndan takip ederek ve s\u00fcrekli e\u011fitimlerle \u00e7al\u0131\u015fanlar\u0131m\u0131z\u0131n bilgi d\u00fczeyini art\u0131rarak sekt\u00f6rdeki liderli\u011fimizi s\u00fcrd\u00fcrece\u011fiz.<\/p>\n<h3>Misyonumuz<\/h3>\n<p>Ay Yap\u0131 Teknik Cam Balkon Sistemleri olarak misyonumuz, m\u00fc\u015fterilerimize estetik ve fonksiyonel \u00e7\u00f6z\u00fcmler sunarak ya\u015fam alanlar\u0131n\u0131 g\u00fczelle\u015ftirmek ve konforlar\u0131n\u0131 art\u0131rmakt\u0131r. Kaliteli malzemelerle kaliteli i\u015f\u00e7ili\u011fi birle\u015ftirerek, dayan\u0131kl\u0131 ve g\u00fcvenli \u00fcr\u00fcnler sunuyoruz. M\u00fc\u015fteri memnuniyetini her zaman \u00f6n planda tutarak, g\u00fcvenilir bir i\u015f orta\u011f\u0131 olma sorumlulu\u011funu ta\u015f\u0131yoruz.<\/p>\n<h3><a href=\"https:\/\/cambalkoncu.com.tr\/wp-content\/uploads\/2024\/07\/IMG_2715-min-min-scaled.jpg\"><img loading=\"lazy\" decoding=\"async\" class=\" wp-image-7890 alignleft\" src=\"https:\/\/cambalkoncu.com.tr\/wp-content\/uploads\/2024\/07\/IMG_2715-min-min-1024x768.jpg\" alt=\"\" width=\"419\" height=\"314\" srcset=\"https:\/\/cambalkoncu.com.tr\/wp-content\/uploads\/2024\/07\/IMG_2715-min-min-1024x768.jpg 1024w, https:\/\/cambalkoncu.com.tr\/wp-content\/uploads\/2024\/07\/IMG_2715-min-min-300x225.jpg 300w, https:\/\/cambalkoncu.com.tr\/wp-content\/uploads\/2024\/07\/IMG_2715-min-min-768x576.jpg 768w, https:\/\/cambalkoncu.com.tr\/wp-content\/uploads\/2024\/07\/IMG_2715-min-min-1536x1152.jpg 1536w, https:\/\/cambalkoncu.com.tr\/wp-content\/uploads\/2024\/07\/IMG_2715-min-min-2048x1536.jpg 2048w\" sizes=\"(max-width: 419px) 100vw, 419px\" \/><\/a><\/h3>\n<h3>Katlan\u0131r Cam Balkon Sistemleri<\/h3>\n<p>Katlan\u0131r cam balkon sistemleri, \u00f6zellikle balkon veya teras gibi d\u0131\u015f mekanlarda kullan\u0131lan ve kullan\u0131m esnekli\u011fi sa\u011flayan bir \u00e7\u00f6z\u00fcmd\u00fcr. Bu sistemler, genellikle cam panellerin birle\u015ftirilmesiyle olu\u015fur ve a\u00e7\u0131l\u0131p kapanabilme \u00f6zelli\u011fi sayesinde mevsim ko\u015fullar\u0131na uyum sa\u011flar.<\/p>\n<ul>\n<li><strong>Estetik G\u00f6r\u00fcn\u00fcm:<\/strong> Modern tasar\u0131m\u0131yla ya\u015fam alan\u0131n\u0131za \u015f\u0131kl\u0131k kat\u0131n.<\/li>\n<li><strong>Kullan\u0131m Kolayl\u0131\u011f\u0131:<\/strong> Kolay a\u00e7\u0131l\u0131p kapanma mekanizmas\u0131 ile kullan\u0131m rahatl\u0131\u011f\u0131 sa\u011flar.<\/li>\n<li><strong>Hava Ko\u015fullar\u0131na Dayan\u0131kl\u0131l\u0131k:<\/strong> Cam panelleri, r\u00fczgar, ya\u011fmur gibi d\u0131\u015f etkenlere kar\u015f\u0131 dayan\u0131kl\u0131d\u0131r.<\/li>\n<\/ul>\n<h3>S\u00fcrme Cam Balkon Sistemleri<\/h3>\n<p>S\u00fcrme cam balkon sistemleri, cam panellerin yan yana kayd\u0131r\u0131lmas\u0131yla a\u00e7\u0131labilen bir yap\u0131ya sahiptir. Bu sistemler genellikle dar mekanlarda veya modern mimari yap\u0131lar\u0131nda tercih edilir ve geni\u015f bir g\u00f6r\u00fc\u015f a\u00e7\u0131s\u0131 sunar.<a href=\"https:\/\/cambalkoncu.com.tr\/wp-content\/uploads\/2024\/07\/IMG_2714-1.heic\"><img decoding=\"async\" src=\"https:\/\/cambalkoncu.com.tr\/wp-content\/uploads\/2024\/07\/IMG_2714-1.heic\" alt=\"\"><\/a> <a href=\"https:\/\/cambalkoncu.com.tr\/wp-content\/uploads\/2024\/07\/IMG_2715.heic\"><img decoding=\"async\" src=\"https:\/\/cambalkoncu.com.tr\/wp-content\/uploads\/2024\/07\/IMG_2715.heic\" alt=\"\"><\/a><\/p>\n<ul>\n<li><strong>Maksimum Kullan\u0131m Alan\u0131:<\/strong> Cam panellerin yan yana kayd\u0131r\u0131lmas\u0131 sayesinde alan kullan\u0131m\u0131 maksimizedir.<\/li>\n<li><strong>Ses ve Is\u0131 Yal\u0131t\u0131m\u0131:<\/strong> Kaliteli cam kullan\u0131m\u0131yla i\u00e7 mekanlarda ses ve \u0131s\u0131 yal\u0131t\u0131m\u0131 sa\u011flar.<\/li>\n<li><strong>Modern Tasar\u0131m:<\/strong> \u015e\u0131k ve minimal bir g\u00f6r\u00fcn\u00fcm sunar, mekan\u0131n\u0131za modern bir hava katar.<\/li>\n<\/ul>\n<h3>\u00d6rnekler ve Uygulamalar<a href=\"https:\/\/cambalkoncu.com.tr\/wp-content\/uploads\/2024\/07\/IMG_9226-min-min-scaled.jpg\"><img loading=\"lazy\" decoding=\"async\" class=\"size-large wp-image-7898 alignleft\" src=\"https:\/\/cambalkoncu.com.tr\/wp-content\/uploads\/2024\/07\/IMG_9226-min-min-1024x768.jpg\" alt=\"\" width=\"640\" height=\"480\" srcset=\"https:\/\/cambalkoncu.com.tr\/wp-content\/uploads\/2024\/07\/IMG_9226-min-min-1024x768.jpg 1024w, https:\/\/cambalkoncu.com.tr\/wp-content\/uploads\/2024\/07\/IMG_9226-min-min-300x225.jpg 300w, https:\/\/cambalkoncu.com.tr\/wp-content\/uploads\/2024\/07\/IMG_9226-min-min-768x576.jpg 768w, https:\/\/cambalkoncu.com.tr\/wp-content\/uploads\/2024\/07\/IMG_9226-min-min-1536x1152.jpg 1536w, https:\/\/cambalkoncu.com.tr\/wp-content\/uploads\/2024\/07\/IMG_9226-min-min-2048x1536.jpg 2048w\" sizes=\"(max-width: 640px) 100vw, 640px\" \/><\/a><\/h3>\n<ul>\n<li><strong>Katlan\u0131r Cam Balkon:<\/strong> Geni\u015f balkonlarda veya teraslar\u0131n korunmas\u0131 i\u00e7in idealdir. Yaz ve k\u0131\u015f aylar\u0131nda rahatl\u0131kla kullan\u0131labilir.<\/li>\n<li><strong>S\u00fcrme Cam Balkon:<\/strong> Dar alanlarda, \u00f6zellikle \u015fehir i\u00e7i ya\u015famda tercih edilir. Estetik ve pratik bir \u00e7\u00f6z\u00fcm sunar.<\/li>\n<\/ul>\n<h3><a href=\"https:\/\/cambalkoncu.com.tr\/wp-content\/uploads\/2024\/07\/IMG_0995.heic\"><img decoding=\"async\" src=\"https:\/\/cambalkoncu.com.tr\/wp-content\/uploads\/2024\/07\/IMG_0995.heic\" alt=\"\"><\/a> <a href=\"https:\/\/cambalkoncu.com.tr\/wp-content\/uploads\/2024\/07\/IMG_2714.heic\"><img decoding=\"async\" src=\"https:\/\/cambalkoncu.com.tr\/wp-content\/uploads\/2024\/07\/IMG_2714.heic\" alt=\"\"><\/a>Teras Kapama Sistemleri<\/h3>\n<p>Teras kapama sistemleri, a\u00e7\u0131k alanlar\u0131 kapatarak mevsim ko\u015fullar\u0131ndan koruyan ve daha kullan\u0131\u015fl\u0131 hale getiren yap\u0131sal \u00e7\u00f6z\u00fcmlerdir. Bu sistemler genellikle cam veya polikarbonat panellerden olu\u015fur ve estetik g\u00f6r\u00fcn\u00fcm\u00fcyle teraslar\u0131 \u015f\u0131k bir mekana d\u00f6n\u00fc\u015ft\u00fcr\u00fcr.<\/p>\n<ul>\n<li><strong>Mevsimlere Uyum Sa\u011flar:<\/strong> Yaz ve k\u0131\u015f aylar\u0131nda kullan\u0131labilen sistemlerdir, hava ko\u015fullar\u0131ndan koruma sa\u011flar.<\/li>\n<li><strong>Geni\u015f G\u00f6r\u00fc\u015f A\u00e7\u0131s\u0131:<\/strong> Transparan malzemeler sayesinde do\u011fal \u0131\u015f\u0131k al\u0131m\u0131n\u0131 maksimize eder, i\u00e7 mekanlar\u0131 ayd\u0131nlat\u0131r.<\/li>\n<li><strong>Dayan\u0131kl\u0131l\u0131k ve G\u00fcvenlik:<\/strong> Dayan\u0131kl\u0131 malzemeler kullan\u0131larak g\u00fcvenli ve uzun \u00f6m\u00fcrl\u00fc bir \u00e7\u00f6z\u00fcm sunar.<\/li>\n<\/ul>\n<h3><a href=\"https:\/\/cambalkoncu.com.tr\/wp-content\/uploads\/2024\/07\/IMG_1315.heic\"><img decoding=\"async\" src=\"https:\/\/cambalkoncu.com.tr\/wp-content\/uploads\/2024\/07\/IMG_1315.heic\" alt=\"\"><\/a>Pergole Tente Sistemleri<\/h3>\n<p>Pergole tente sistemleri, a\u00e7\u0131k alanlarda g\u00f6lgelendirme sa\u011flayan ve ayn\u0131 zamanda dekoratif bir unsur olarak kullan\u0131lan yap\u0131sal \u00e7\u00f6z\u00fcmlerdir. Genellikle al\u00fcminyum yap\u0131ya sahip olan bu sistemler, a\u00e7\u0131l\u0131p kapanabilen \u00f6rt\u00fclerle donat\u0131lm\u0131\u015ft\u0131r.<\/p>\n<ul>\n<li><strong>G\u00f6lgelendirme ve Koruma:<\/strong> G\u00fcne\u015ften koruma sa\u011flar, ayn\u0131 zamanda ya\u011fmur gibi hava ko\u015fullar\u0131ndan da korur.<\/li>\n<li><strong>Esnek Kullan\u0131m:<\/strong> A\u00e7\u0131l\u0131p kapanabilme \u00f6zelli\u011fi sayesinde mevsimlere g\u00f6re ayarlanabilir.<\/li>\n<li><strong>Estetik Tasar\u0131m:<\/strong> Modern ve \u015f\u0131k g\u00f6r\u00fcn\u00fcm\u00fc ile mekan\u0131n\u0131za de\u011fer katar.<\/li>\n<\/ul>\n<h3><a href=\"https:\/\/cambalkoncu.com.tr\/wp-content\/uploads\/2024\/07\/IMG_4071-min-min-scaled.jpg\"><img loading=\"lazy\" decoding=\"async\" class=\" wp-image-7892 alignleft\" src=\"https:\/\/cambalkoncu.com.tr\/wp-content\/uploads\/2024\/07\/IMG_4071-min-min-1024x768.jpg\" alt=\"\" width=\"472\" height=\"354\" srcset=\"https:\/\/cambalkoncu.com.tr\/wp-content\/uploads\/2024\/07\/IMG_4071-min-min-1024x768.jpg 1024w, https:\/\/cambalkoncu.com.tr\/wp-content\/uploads\/2024\/07\/IMG_4071-min-min-300x225.jpg 300w, https:\/\/cambalkoncu.com.tr\/wp-content\/uploads\/2024\/07\/IMG_4071-min-min-768x576.jpg 768w, https:\/\/cambalkoncu.com.tr\/wp-content\/uploads\/2024\/07\/IMG_4071-min-min-1536x1152.jpg 1536w, https:\/\/cambalkoncu.com.tr\/wp-content\/uploads\/2024\/07\/IMG_4071-min-min-2048x1536.jpg 2048w\" sizes=\"(max-width: 472px) 100vw, 472px\" \/><\/a>\u00d6rnekler ve Uygulamalar<\/h3>\n<ul>\n<li><strong>Teras Kapama:<\/strong> Restoran, kafe veya ev teraslar\u0131nda kullan\u0131larak a\u00e7\u0131k havalarda d\u0131\u015f mekan\u0131n keyfini \u00e7\u0131karmay\u0131 sa\u011flar.<\/li>\n<li><strong>Pergole Tente:<\/strong> Bah\u00e7e, villa veya otel d\u0131\u015f mekanlar\u0131nda estetik bir g\u00f6lgelendirme \u00e7\u00f6z\u00fcm\u00fc olarak tercih edilir.<\/li>\n<\/ul>\n<h3>&nbsp;Plise Sineklik Sistemleri<\/h3>\n<p>Plise sineklikler, katlanabilir yap\u0131lar\u0131yla dikkat \u00e7eken ve kullan\u0131lmad\u0131\u011f\u0131 zamanlarda kompakt bir \u015fekilde saklanabilen sineklik sistemleridir. Genellikle pencere veya kap\u0131 a\u00e7\u0131kl\u0131klar\u0131na uygulanabilirler.<\/p>\n<ul>\n<li><strong>Kompakt Tasar\u0131m:<\/strong> Kullan\u0131lmad\u0131\u011f\u0131 zamanlarda katlanabilir ve az yer kaplar.<\/li>\n<li><strong>Estetik G\u00f6r\u00fcn\u00fcm:<\/strong> \u015eeffaf ve modern tasar\u0131m\u0131 ile mekan\u0131n g\u00f6r\u00fcnt\u00fcs\u00fcn\u00fc bozmaz.<\/li>\n<li><strong>Kolay Kullan\u0131m:<\/strong> Kolay a\u00e7\u0131l\u0131p kapanabilme \u00f6zelli\u011fi sunar, pratik bir kullan\u0131m sa\u011flar.<\/li>\n<\/ul>\n<h3>Mente\u015feli Sineklik Sistemleri<\/h3>\n<p>Mente\u015feli sineklikler, mente\u015fe sistemi ile a\u00e7\u0131l\u0131p kapanabilen ve genellikle kap\u0131 veya b\u00fcy\u00fck a\u00e7\u0131kl\u0131klar i\u00e7in tercih edilen sineklik \u00e7\u00f6z\u00fcmleridir.<\/p>\n<ul>\n<li><strong>A\u00e7\u0131l\u0131p Kapanabilirlik:<\/strong> Mente\u015feler sayesinde kolayca a\u00e7\u0131l\u0131p kapanabilir.<\/li>\n<li><strong>Dayan\u0131kl\u0131 Yap\u0131:<\/strong> Sa\u011flam malzemelerden \u00fcretilerek uzun \u00f6m\u00fcrl\u00fc kullan\u0131m sa\u011flar.<\/li>\n<li><strong>Kapsaml\u0131 Uygulama Alan\u0131:<\/strong> Kap\u0131lar ve b\u00fcy\u00fck pencere a\u00e7\u0131kl\u0131klar\u0131 i\u00e7in idealdir.<\/li>\n<\/ul>\n<h3>\u00d6rnekler ve Kullan\u0131m Alanlar\u0131<\/h3>\n<ul>\n<li><strong>Plise Sineklik:<\/strong> Apartman dairelerinden villalara kadar geni\u015f bir kullan\u0131m alan\u0131na sahiptir, \u00f6zellikle pencere a\u00e7\u0131kl\u0131klar\u0131nda tercih edilir.<\/li>\n<li><strong>Mente\u015feli Sineklik:<\/strong> Kap\u0131 giri\u015fleri ve b\u00fcy\u00fck teras kap\u0131lar\u0131 i\u00e7in etkili bir sineklik \u00e7\u00f6z\u00fcm\u00fcd\u00fcr.<\/li>\n<\/ul>\n<h3><a href=\"https:\/\/cambalkoncu.com.tr\/wp-content\/uploads\/2024\/07\/IMG_9223-min-min-scaled.jpg\"><img loading=\"lazy\" decoding=\"async\" class=\" wp-image-7896 alignleft\" src=\"https:\/\/cambalkoncu.com.tr\/wp-content\/uploads\/2024\/07\/IMG_9223-min-min-768x1024.jpg\" alt=\"\" width=\"494\" height=\"658\" srcset=\"https:\/\/cambalkoncu.com.tr\/wp-content\/uploads\/2024\/07\/IMG_9223-min-min-768x1024.jpg 768w, https:\/\/cambalkoncu.com.tr\/wp-content\/uploads\/2024\/07\/IMG_9223-min-min-225x300.jpg 225w, https:\/\/cambalkoncu.com.tr\/wp-content\/uploads\/2024\/07\/IMG_9223-min-min-1152x1536.jpg 1152w, https:\/\/cambalkoncu.com.tr\/wp-content\/uploads\/2024\/07\/IMG_9223-min-min-1536x2048.jpg 1536w, https:\/\/cambalkoncu.com.tr\/wp-content\/uploads\/2024\/07\/IMG_9223-min-min-scaled.jpg 1920w\" sizes=\"(max-width: 494px) 100vw, 494px\" \/><\/a>Al\u00fcminyum Kap\u0131 ve Pencere Sistemleri<\/h3>\n<p><strong>Avantajlar\u0131:<\/strong><\/p>\n<ol>\n<li><strong>Dayan\u0131kl\u0131l\u0131k<\/strong>: Al\u00fcminyum kap\u0131lar ve pencereler, uzun \u00f6m\u00fcrl\u00fc ve dayan\u0131kl\u0131d\u0131r. Paslanma ve korozyona kar\u015f\u0131 y\u00fcksek diren\u00e7 g\u00f6sterir.<\/li>\n<li><strong>Estetik G\u00f6r\u00fcn\u00fcm<\/strong>: \u0130nce ve zarif profiller sayesinde modern ve \u015f\u0131k bir g\u00f6r\u00fcn\u00fcm sunar. \u00c7e\u015fitli renk ve kaplama se\u00e7enekleri mevcuttur.<\/li>\n<li><strong>D\u00fc\u015f\u00fck Bak\u0131m Gereksinimi<\/strong>: Al\u00fcminyum, bak\u0131m gerektirmeyen bir malzemedir. Kolayca temizlenebilir ve uzun s\u00fcreli kullan\u0131mda bile g\u00f6r\u00fcn\u00fcm\u00fcn\u00fc korur.<\/li>\n<li><strong>\u0130zolasyon<\/strong>: Is\u0131 ve ses yal\u0131t\u0131m\u0131 sa\u011flayan \u00f6zel contalar ve \u00e7ift cam se\u00e7enekleri ile m\u00fckemmel izolasyon sa\u011flar.<\/li>\n<li><strong>\u00c7evre Dostu<\/strong>: Geri d\u00f6n\u00fc\u015ft\u00fcr\u00fclebilir bir malzemedir, bu nedenle \u00e7evre dostu bir se\u00e7enektir.<\/li>\n<\/ol>\n<h3>PVC Kap\u0131 ve Pencere Sistemleri<\/h3>\n<p><strong>Avantajlar\u0131:<\/strong><\/p>\n<ol>\n<li><strong>Ekonomik<\/strong>: PVC kap\u0131lar ve pencereler, al\u00fcminyuma g\u00f6re daha ekonomik bir se\u00e7enektir.<\/li>\n<li><strong>Yal\u0131t\u0131m<\/strong>: M\u00fckemmel \u0131s\u0131 ve ses yal\u0131t\u0131m\u0131 sa\u011flar. \u0130\u00e7erisindeki hava bo\u015fluklar\u0131 sayesinde enerji verimlili\u011fini art\u0131r\u0131r.<\/li>\n<li><strong>Dayan\u0131kl\u0131l\u0131k<\/strong>: Hava ko\u015fullar\u0131na kar\u015f\u0131 diren\u00e7li ve uzun \u00f6m\u00fcrl\u00fcd\u00fcr. \u00c7\u00fcr\u00fcmez, paslanmaz ve solmaz.<\/li>\n<li><strong>Kolay Bak\u0131m<\/strong>: Temizlemesi kolayd\u0131r ve d\u00fczenli bak\u0131m gerektirmez.<\/li>\n<li><strong>\u00c7e\u015fitli Tasar\u0131mlar<\/strong>: Farkl\u0131 renk ve desen se\u00e7enekleri ile \u00e7e\u015fitli dekoratif stillere uyum sa\u011flar.<\/li>\n<\/ol>\n<h3>Kar\u015f\u0131la\u015ft\u0131rma<\/h3>\n<p><strong>Kullan\u0131m Alanlar\u0131:<\/strong><\/p>\n<ul>\n<li><strong>Al\u00fcminyum<\/strong>: Y\u00fcksek dayan\u0131kl\u0131l\u0131k ve estetik g\u00f6r\u00fcn\u00fcm gerektiren ticari binalar, ofisler ve modern konut projelerinde yayg\u0131n olarak kullan\u0131l\u0131r.<\/li>\n<li><strong>PVC<\/strong>: Maliyet etkinli\u011fi ve yal\u0131t\u0131m \u00f6zellikleri nedeniyle konutlarda ve orta \u00f6l\u00e7ekli projelerde tercih edilir.<\/li>\n<\/ul>\n<p><strong>Estetik ve Tasar\u0131m:<\/strong><\/p>\n<ul>\n<li><strong>Al\u00fcminyum<\/strong>: Daha ince profiller ve geni\u015f cam alanlar\u0131 ile modern ve \u015f\u0131k tasar\u0131mlar sunar.<\/li>\n<li><strong>PVC<\/strong>: \u00c7e\u015fitli renk ve desen se\u00e7enekleri ile farkl\u0131 dekoratif ihtiya\u00e7lara hitap eder.<\/li>\n<\/ul>\n<h3>Sonu\u00e7<\/h3>\n<p>Al\u00fcminyum ve PVC kap\u0131-pencere sistemleri, kullan\u0131m ama\u00e7lar\u0131na ve b\u00fct\u00e7elere g\u00f6re farkl\u0131 avantajlar sunar. Modern ve \u015f\u0131k bir g\u00f6r\u00fcn\u00fcm arayanlar i\u00e7in al\u00fcminyum, ekonomik ve yal\u0131t\u0131m odakl\u0131 \u00e7\u00f6z\u00fcmler arayanlar i\u00e7in ise PVC ideal bir se\u00e7im olabilir.<\/p>\n<p>&nbsp;<\/p>\n","protected":false},"excerpt":{"rendered":"<p>&nbsp; Biz Kimiz? Ay Yap\u0131 Teknik Cam Balkon Sistemleri, 2013 y\u0131l\u0131nda \u0130stanbul Sultanbeyli il\u00e7esinde Adem Ye\u015filba\u015f taraf\u0131ndan kurulmu\u015ftur. Faaliyet alanlar\u0131m\u0131z aras\u0131nda katlan\u0131r cam balkon, s\u00fcrme cam balkon, pimapen kap\u0131 ve pencere, al\u00fcminyum kap\u0131 ve pencere, sineklik, panjur, teras \u00e7at\u0131 ve pergole tente sistemleri bulunmaktad\u0131r. Sekt\u00f6rde ihtiyaca y\u00f6nelik \u00e7\u00f6z\u00fcmler sunmak i\u00e7in kaliteli malzeme ve i\u015f\u00e7ilik anlay\u0131\u015f\u0131n\u0131 [&hellip;]<\/p>\n","protected":false},"author":1,"featured_media":7596,"parent":0,"menu_order":0,"comment_status":"closed","ping_status":"closed","template":"","meta":{"googlesitekit_rrm_CAowutS7DA:productID":"","ngg_post_thumbnail":0,"footnotes":""},"class_list":["post-4760","page","type-page","status-publish","has-post-thumbnail","hentry"],"_links":{"self":[{"href":"https:\/\/cambalkoncu.com.tr\/index.php?rest_route=\/wp\/v2\/pages\/4760","targetHints":{"allow":["GET"]}}],"collection":[{"href":"https:\/\/cambalkoncu.com.tr\/index.php?rest_route=\/wp\/v2\/pages"}],"about":[{"href":"https:\/\/cambalkoncu.com.tr\/index.php?rest_route=\/wp\/v2\/types\/page"}],"author":[{"embeddable":true,"href":"https:\/\/cambalkoncu.com.tr\/index.php?rest_route=\/wp\/v2\/users\/1"}],"replies":[{"embeddable":true,"href":"https:\/\/cambalkoncu.com.tr\/index.php?rest_route=%2Fwp%2Fv2%2Fcomments&post=4760"}],"version-history":[{"count":54,"href":"https:\/\/cambalkoncu.com.tr\/index.php?rest_route=\/wp\/v2\/pages\/4760\/revisions"}],"predecessor-version":[{"id":7903,"href":"https:\/\/cambalkoncu.com.tr\/index.php?rest_route=\/wp\/v2\/pages\/4760\/revisions\/7903"}],"wp:featuredmedia":[{"embeddable":true,"href":"https:\/\/cambalkoncu.com.tr\/index.php?rest_route=\/wp\/v2\/media\/7596"}],"wp:attachment":[{"href":"https:\/\/cambalkoncu.com.tr\/index.php?rest_route=%2Fwp%2Fv2%2Fmedia&parent=4760"}],"curies":[{"name":"wp","href":"https:\/\/api.w.org\/{rel}","templated":true}]}}